{"id":3100,"date":"2026-04-27T15:41:41","date_gmt":"2026-04-27T13:41:41","guid":{"rendered":"https:\/\/www.lacontemporaine.fr\/?post_type=agenda&#038;p=3100"},"modified":"2026-04-27T16:08:47","modified_gmt":"2026-04-27T14:08:47","slug":"resister-au-reich-espaces-et-politiques-repressives","status":"publish","type":"agenda","link":"https:\/\/www.lacontemporaine.fr\/fr\/agenda\/resister-au-reich-espaces-et-politiques-repressives\/","title":{"rendered":"R\u00e9sister au Reich, espaces et politiques r\u00e9pressives"},"content":{"rendered":"\n<p>La Contemporaine accueille la journ\u00e9e d&rsquo;\u00e9tude \u00ab\u00a0R\u00e9sister au Reich, espaces et politiques r\u00e9pressives\u00a0\u00bb organis\u00e9e par le Mont Val\u00e9rien. Elle a pour objectif d\u2019interroger les disparit\u00e9s territoriales de l\u2019engagement r\u00e9sistant dans la lutte contre le nazisme \u00e0 l\u2019int\u00e9rieur m\u00eame du Reich, au sens \u00e9largi du terme, avec les territoires progressivement plac\u00e9s sous contr\u00f4le ou administration allemande. Elle permet \u00e9galement de faire appara\u00eetre les modalit\u00e9s diff\u00e9renci\u00e9es de la r\u00e9pression, les similarit\u00e9s et les diff\u00e9rences des actions de la r\u00e9sistance selon les pays et la continuit\u00e9.<\/p>\n\n\n\n<div class=\"wp-block-buttons is-content-justification-center is-layout-flex wp-container-core-buttons-is-layout-16018d1d wp-block-buttons-is-layout-flex\">\n<div class=\"wp-block-button\"><a class=\"wp-block-button__link wp-element-button\" href=\"https:\/\/www.calameo.com\/read\/005048811fa504e9a2aab\" target=\"_blank\" rel=\"noopener\">Lire le programme<\/a><\/div>\n<\/div>\n\n\n\n<p><\/p>\n\n\n\n<p>Ev\u00e9nement gratuit, inscription recommand\u00e9e : resa.hautslieux-idf@onacvg.fr ou au 01.47.28.46.35.<\/p>\n\n\n\n<p><\/p>\n","protected":false},"featured_media":3101,"template":"","meta":{"_acf_changed":false},"event_cat":[47],"event_location":[28],"class_list":["post-3100","agenda","type-agenda","status-publish","has-post-thumbnail","hentry","event_cat-colloques-et-journees-detudes","event_location-la-contemporaine-nanterre"],"acf":[],"_links":{"self":[{"href":"https:\/\/www.lacontemporaine.fr\/fr\/wp-json\/wp\/v2\/agenda\/3100","targetHints":{"allow":["GET"]}}],"collection":[{"href":"https:\/\/www.lacontemporaine.fr\/fr\/wp-json\/wp\/v2\/agenda"}],"about":[{"href":"https:\/\/www.lacontemporaine.fr\/fr\/wp-json\/wp\/v2\/types\/agenda"}],"wp:featuredmedia":[{"embeddable":true,"href":"https:\/\/www.lacontemporaine.fr\/fr\/wp-json\/wp\/v2\/media\/3101"}],"wp:attachment":[{"href":"https:\/\/www.lacontemporaine.fr\/fr\/wp-json\/wp\/v2\/media?parent=3100"}],"wp:term":[{"taxonomy":"event_cat","embeddable":true,"href":"https:\/\/www.lacontemporaine.fr\/fr\/wp-json\/wp\/v2\/event_cat?post=3100"},{"taxonomy":"event_location","embeddable":true,"href":"https:\/\/www.lacontemporaine.fr\/fr\/wp-json\/wp\/v2\/event_location?post=3100"}],"curies":[{"name":"wp","href":"https:\/\/api.w.org\/{rel}","templated":true}]}}