{"id":2926,"date":"2026-03-19T11:22:13","date_gmt":"2026-03-19T10:22:13","guid":{"rendered":"https:\/\/www.lacontemporaine.fr\/?post_type=agenda&#038;p=2926"},"modified":"2026-04-29T11:24:19","modified_gmt":"2026-04-29T09:24:19","slug":"les-guerres-deisner-un-createur-de-bd-face-a-la-guerre-et-lantisemitisme","status":"publish","type":"agenda","link":"https:\/\/www.lacontemporaine.fr\/fr\/agenda\/les-guerres-deisner-un-createur-de-bd-face-a-la-guerre-et-lantisemitisme\/","title":{"rendered":"Les guerres d\u2019Eisner : un cr\u00e9ateur de BD face \u00e0 la guerre et l\u2019antis\u00e9mitisme"},"content":{"rendered":"\n<p>La Contemporaine a le plaisir d\u2019accueillir l\u2019exposition \u00ab\u00a0Les guerres d\u2019Eisner : un cr\u00e9ateur de BD face \u00e0 la guerre et l\u2019antis\u00e9mitisme\u00a0\u00bb, pr\u00e9sent\u00e9e du 16 avril au 3 juillet 2026.<\/p>\n\n\n\n<figure class=\"wp-block-image size-large\"><img loading=\"lazy\" decoding=\"async\" width=\"724\" height=\"1024\" src=\"https:\/\/www.lacontemporaine.fr\/wp-content\/uploads\/2026\/03\/Eisner_affiche-A3_WEB-HD-300dpi-724x1024.jpg\" alt=\"\" class=\"wp-image-2980\" srcset=\"https:\/\/www.lacontemporaine.fr\/wp-content\/uploads\/2026\/03\/Eisner_affiche-A3_WEB-HD-300dpi-724x1024.jpg 724w, https:\/\/www.lacontemporaine.fr\/wp-content\/uploads\/2026\/03\/Eisner_affiche-A3_WEB-HD-300dpi-212x300.jpg 212w, https:\/\/www.lacontemporaine.fr\/wp-content\/uploads\/2026\/03\/Eisner_affiche-A3_WEB-HD-300dpi-768x1086.jpg 768w, https:\/\/www.lacontemporaine.fr\/wp-content\/uploads\/2026\/03\/Eisner_affiche-A3_WEB-HD-300dpi-1086x1536.jpg 1086w, https:\/\/www.lacontemporaine.fr\/wp-content\/uploads\/2026\/03\/Eisner_affiche-A3_WEB-HD-300dpi-1448x2048.jpg 1448w, https:\/\/www.lacontemporaine.fr\/wp-content\/uploads\/2026\/03\/Eisner_affiche-A3_WEB-HD-300dpi-8x12.jpg 8w, https:\/\/www.lacontemporaine.fr\/wp-content\/uploads\/2026\/03\/Eisner_affiche-A3_WEB-HD-300dpi-300x424.jpg 300w, https:\/\/www.lacontemporaine.fr\/wp-content\/uploads\/2026\/03\/Eisner_affiche-A3_WEB-HD-300dpi-scaled.jpg 1810w\" sizes=\"auto, (max-width: 724px) 100vw, 724px\" \/><\/figure>\n\n\n\n<p><br>Will Eisner (1917\u20132005) est l\u2019une des figures fondatrices de la bande dessin\u00e9e moderne et l\u2019un des grands pionniers du comics am\u00e9ricain. Auteur, dessinateur, \u00e9diteur et th\u00e9oricien, il a profond\u00e9ment transform\u00e9 le m\u00e9dium au XXe si\u00e8cle par ses innovations narratives et son ambition artistique. Cr\u00e9ateur du <em>Spirit<\/em>, initiateur du roman graphique avec <em>Un pacte avec Dieu<\/em>, il a contribu\u00e9 \u00e0 faire reconna\u00eetre la bande dessin\u00e9e comme une forme d\u2019expression adulte, capable d\u2019aborder l\u2019histoire, la m\u00e9moire, la politique et l\u2019intime. Son influence est mondiale, durable et toujours vivante dans la bande dessin\u00e9e contemporaine ; les prix les plus prestigieux du secteur, souvent consid\u00e9r\u00e9s comme les \u00ab Oscars \u00bb de la bande dessin\u00e9e, portent son nom : les Eisner Awards.<\/p>\n\n\n\n<p><br>L\u2019exposition bilingue (fran\u00e7ais, anglais) aborde un pan essentiel mais souvent m\u00e9connu de son parcours : le rapport constant entre son \u0153uvre et la guerre. Guerre v\u00e9cue, observ\u00e9e ou transmise, guerre comme r\u00e9alit\u00e9 mat\u00e9rielle, comme enjeu p\u00e9dagogique, ainsi que comme combat moral. De la deuxi\u00e8me guerre mondiale \u00e0 la lutte contre l\u2019antis\u00e9mitisme, deux sujets faisant partie des th\u00e9matiques de la Contemporaine, le parcours montre comment Eisner a mobilis\u00e9 dans un premier temps le dessin et la narration \u00e0 des fins didactiques pour l\u2019arm\u00e9e am\u00e9ricaine puis, dans un deuxi\u00e8me temps, comment il a utilis\u00e9 le roman graphique pour analyser, d\u00e9noncer et d\u00e9construire ce qui fait le ferment des guerres : l\u2019ignorance, le pr\u00e9jug\u00e9, la discrimination.<\/p>\n\n\n\n<p><br>Le visiteur progresse dans un ensemble d\u2019une centaine de reproductions de dessins, de planches de bandes dessin\u00e9es, d\u2019affiches, de magazines militaires (<em>Army Motors<\/em>, <em>PS Magazine<\/em>) et d\u00e9couvre des personnages comme le soldat gaffeur Joe Dope ou la s\u00e9duisante m\u00e9canicienne Connie Rodd avant que soit abord\u00e9e la derni\u00e8re partie de la carri\u00e8re de l\u2019auteur : ses romans et manifestes graphiques (comme <em>Au c\u0153ur de la temp\u00eate<\/em>, <em>Fagin le juif<\/em> ou <em>Le complot<\/em>), pionniers dans l\u2019\u00e9vocation de la m\u00e9moire et de la lutte contre l\u2019antis\u00e9mitisme.<\/p>\n\n\n\n<p><br>Con\u00e7ue pour \u00eatre itin\u00e9rante, l\u2019exposition voyagera, apr\u00e8s sa pr\u00e9sentation \u00e0 la Contemporaine, dans des universit\u00e9s membres de l\u2019Alliance EDUC \u00e0 Castell\u00f3n (Espagne) en automne 2026, \u00e0 Cagliari (Sardaigne, Italie) au printemps 2027, \u00e0 Rennes en automne 2027 et \u00e0 Potsdam (Allemagne) en automne 2028.<\/p>\n\n\n\n<p>Deux conf\u00e9rences sont organis\u00e9es autour de l&rsquo;exposition \u00e0 la Contemporaine : <\/p>\n\n\n\n<ul class=\"wp-block-list\">\n<li>mardi 21 avril \u00e0 16h avec Benjamin Herzberg et Didier Pasamonik, commissaires de l&rsquo;exposition ;<\/li>\n\n\n\n<li>mardi 16 juin \u00e0 18h avec Gilles Ciment, \u00ab\u00a0Eisner : un syst\u00e8me graphique\u00a0\u00bb. <\/li>\n<\/ul>\n\n\n\n<p><\/p>\n\n\n\n<p>Inscrite dans le cadre de la Semaine Will Eisner en France, l\u2019exposition b\u00e9n\u00e9ficie du soutien de l\u2019Alliance EDUC, de la Mission Lib\u00e9ration, de l\u2019Universit\u00e9 Paris Nanterre, de la Fondation pour la M\u00e9moire de la Shoah et du Souvenir Fran\u00e7ais. Dans le cadre du projet UNISSON, elle a b\u00e9n\u00e9fici\u00e9 d\u2019une aide de l\u2019\u00c9tat g\u00e9r\u00e9e par l\u2019Agence nationale de la recherche au titre de France 2030 portant la r\u00e9f\u00e9rence ANR-23-EXES-0014.<\/p>\n\n\n\n<p>L&rsquo;exposition est visible du mardi au samedi, de 13h \u00e0 19h. L&rsquo;entr\u00e9e est libre et gratuite. <\/p>\n\n\n\n\n\n<div id=\"wpv-view-layout-2327-CATTRe239743637007b2338156093b0bf32b3\" class=\"js-wpv-view-layout js-wpv-layout-responsive js-wpv-view-layout-2327-CATTRe239743637007b2338156093b0bf32b3\" data-viewnumber=\"2327-CATTRe239743637007b2338156093b0bf32b3\" data-pagination=\"{&quot;id&quot;:&quot;2327&quot;,&quot;query&quot;:&quot;normal&quot;,&quot;type&quot;:&quot;disabled&quot;,&quot;effect&quot;:&quot;fade&quot;,&quot;duration&quot;:500,&quot;speed&quot;:5,&quot;pause_on_hover&quot;:&quot;enabled&quot;,&quot;stop_rollover&quot;:&quot;false&quot;,&quot;cache_pages&quot;:&quot;enabled&quot;,&quot;preload_images&quot;:&quot;enabled&quot;,&quot;preload_pages&quot;:&quot;enabled&quot;,&quot;preload_reach&quot;:1,&quot;spinner&quot;:&quot;builtin&quot;,&quot;spinner_image&quot;:&quot;https:\/\/www.lacontemporaine.fr\/wp-content\/plugins\/wp-views\/embedded\/res\/img\/ajax-loader.gif&quot;,&quot;callback_next&quot;:&quot;&quot;,&quot;manage_history&quot;:&quot;enabled&quot;,&quot;has_controls_in_form&quot;:&quot;disabled&quot;,&quot;infinite_tolerance&quot;:&quot;0&quot;,&quot;max_pages&quot;:0,&quot;page&quot;:1,&quot;base_permalink&quot;:&quot;\/fr\/wp-json\/wp\/v2\/agenda\/2926?wpv_view_count=2327-CATTRe239743637007b2338156093b0bf32b3&amp;wpv_paged=WPV_PAGE_NUM&quot;,&quot;loop&quot;:{&quot;type&quot;:&quot;&quot;,&quot;name&quot;:&quot;&quot;,&quot;data&quot;:[],&quot;id&quot;:0}}\" data-permalink=\"\/fr\/wp-json\/wp\/v2\/agenda\/2926?wpv_view_count=2327-CATTRe239743637007b2338156093b0bf32b3\">\n\n\n  \n  \n  <section class=\"block_partners view-section view-section--related\">\n    <div class=\"block_partners_list view-grid view-loop_teasers_bloc_content\">\n      \n        <article class=\"block_partners__item block_partners_list__item partner-card\">\n          <div class=\"block_partners__logo logo_partner\">\n          \t<img loading=\"lazy\" decoding=\"async\" width=\"1654\" height=\"827\" src=\"https:\/\/www.lacontemporaine.fr\/wp-content\/uploads\/2026\/04\/Freedom-250-Mission-France-LOGO.png\" class=\"attachment-full size-full wp-post-image\" alt=\"\" srcset=\"https:\/\/www.lacontemporaine.fr\/wp-content\/uploads\/2026\/04\/Freedom-250-Mission-France-LOGO.png 1654w, https:\/\/www.lacontemporaine.fr\/wp-content\/uploads\/2026\/04\/Freedom-250-Mission-France-LOGO-300x150.png 300w, https:\/\/www.lacontemporaine.fr\/wp-content\/uploads\/2026\/04\/Freedom-250-Mission-France-LOGO-1024x512.png 1024w, https:\/\/www.lacontemporaine.fr\/wp-content\/uploads\/2026\/04\/Freedom-250-Mission-France-LOGO-768x384.png 768w, https:\/\/www.lacontemporaine.fr\/wp-content\/uploads\/2026\/04\/Freedom-250-Mission-France-LOGO-1536x768.png 1536w, https:\/\/www.lacontemporaine.fr\/wp-content\/uploads\/2026\/04\/Freedom-250-Mission-France-LOGO-18x9.png 18w\" sizes=\"auto, (max-width: 1654px) 100vw, 1654px\" \/>\n          <\/div>\n          <a href=\"\"\n           class=\"block_partners__link link_partner\"\n           target=\"_blank\" rel=\"noopener\">D\u00e9couvrir<\/a>\n        <\/article>\n      \n        <article class=\"block_partners__item block_partners_list__item partner-card\">\n          <div class=\"block_partners__logo logo_partner\">\n          \t<img loading=\"lazy\" decoding=\"async\" width=\"1206\" height=\"700\" src=\"https:\/\/www.lacontemporaine.fr\/wp-content\/uploads\/2026\/04\/202504-UNISSON-logo-1.png\" class=\"attachment-full size-full wp-post-image\" alt=\"\" srcset=\"https:\/\/www.lacontemporaine.fr\/wp-content\/uploads\/2026\/04\/202504-UNISSON-logo-1.png 1206w, https:\/\/www.lacontemporaine.fr\/wp-content\/uploads\/2026\/04\/202504-UNISSON-logo-1-300x174.png 300w, https:\/\/www.lacontemporaine.fr\/wp-content\/uploads\/2026\/04\/202504-UNISSON-logo-1-1024x594.png 1024w, https:\/\/www.lacontemporaine.fr\/wp-content\/uploads\/2026\/04\/202504-UNISSON-logo-1-768x446.png 768w, https:\/\/www.lacontemporaine.fr\/wp-content\/uploads\/2026\/04\/202504-UNISSON-logo-1-18x10.png 18w\" sizes=\"auto, (max-width: 1206px) 100vw, 1206px\" \/>\n          <\/div>\n          <a href=\"https:\/\/www.parisnanterre.fr\/nos-projets\/unisson\" class=\"block_partners__link link_partner\" target=\"_blank\" rel=\"noopener\">D\u00e9couvrir<\/a>\n        <\/article>\n      \n        <article class=\"block_partners__item block_partners_list__item partner-card\">\n          <div class=\"block_partners__logo logo_partner\">\n          \t<img loading=\"lazy\" decoding=\"async\" width=\"473\" height=\"250\" src=\"https:\/\/www.lacontemporaine.fr\/wp-content\/uploads\/2026\/04\/EDUC_Logo_Full-Colored.png\" class=\"attachment-full size-full wp-post-image\" alt=\"\" srcset=\"https:\/\/www.lacontemporaine.fr\/wp-content\/uploads\/2026\/04\/EDUC_Logo_Full-Colored.png 473w, https:\/\/www.lacontemporaine.fr\/wp-content\/uploads\/2026\/04\/EDUC_Logo_Full-Colored-300x159.png 300w, https:\/\/www.lacontemporaine.fr\/wp-content\/uploads\/2026\/04\/EDUC_Logo_Full-Colored-18x10.png 18w\" sizes=\"auto, (max-width: 473px) 100vw, 473px\" \/>\n          <\/div>\n          <a href=\"https:\/\/www.educalliance.eu\/\" class=\"block_partners__link link_partner\" target=\"_blank\" rel=\"noopener\">D\u00e9couvrir<\/a>\n        <\/article>\n      \n        <article class=\"block_partners__item block_partners_list__item partner-card\">\n          <div class=\"block_partners__logo logo_partner\">\n          \t<img loading=\"lazy\" decoding=\"async\" width=\"1772\" height=\"1772\" src=\"https:\/\/www.lacontemporaine.fr\/wp-content\/uploads\/2026\/04\/Logo_Souvenir-Francais_HD.png\" class=\"attachment-full size-full wp-post-image\" alt=\"\" srcset=\"https:\/\/www.lacontemporaine.fr\/wp-content\/uploads\/2026\/04\/Logo_Souvenir-Francais_HD.png 1772w, https:\/\/www.lacontemporaine.fr\/wp-content\/uploads\/2026\/04\/Logo_Souvenir-Francais_HD-300x300.png 300w, https:\/\/www.lacontemporaine.fr\/wp-content\/uploads\/2026\/04\/Logo_Souvenir-Francais_HD-1024x1024.png 1024w, https:\/\/www.lacontemporaine.fr\/wp-content\/uploads\/2026\/04\/Logo_Souvenir-Francais_HD-150x150.png 150w, https:\/\/www.lacontemporaine.fr\/wp-content\/uploads\/2026\/04\/Logo_Souvenir-Francais_HD-768x768.png 768w, https:\/\/www.lacontemporaine.fr\/wp-content\/uploads\/2026\/04\/Logo_Souvenir-Francais_HD-1536x1536.png 1536w, https:\/\/www.lacontemporaine.fr\/wp-content\/uploads\/2026\/04\/Logo_Souvenir-Francais_HD-12x12.png 12w, https:\/\/www.lacontemporaine.fr\/wp-content\/uploads\/2026\/04\/Logo_Souvenir-Francais_HD-100x100.png 100w\" sizes=\"auto, (max-width: 1772px) 100vw, 1772px\" \/>\n          <\/div>\n          <a href=\"https:\/\/le-souvenir-francais.fr\/\" class=\"block_partners__link link_partner\" target=\"_blank\" rel=\"noopener\">D\u00e9couvrir<\/a>\n        <\/article>\n      \n    <\/div>\n  <\/section>\n  \n  \n\n  \n\n<\/div>\n\n\n\n\n<p><\/p>\n","protected":false},"featured_media":2965,"template":"","meta":{"_acf_changed":false},"event_cat":[57],"event_location":[28],"class_list":["post-2926","agenda","type-agenda","status-publish","has-post-thumbnail","hentry","event_cat-exposition","event_location-la-contemporaine-nanterre"],"acf":[],"_links":{"self":[{"href":"https:\/\/www.lacontemporaine.fr\/fr\/wp-json\/wp\/v2\/agenda\/2926","targetHints":{"allow":["GET"]}}],"collection":[{"href":"https:\/\/www.lacontemporaine.fr\/fr\/wp-json\/wp\/v2\/agenda"}],"about":[{"href":"https:\/\/www.lacontemporaine.fr\/fr\/wp-json\/wp\/v2\/types\/agenda"}],"wp:featuredmedia":[{"embeddable":true,"href":"https:\/\/www.lacontemporaine.fr\/fr\/wp-json\/wp\/v2\/media\/2965"}],"wp:attachment":[{"href":"https:\/\/www.lacontemporaine.fr\/fr\/wp-json\/wp\/v2\/media?parent=2926"}],"wp:term":[{"taxonomy":"event_cat","embeddable":true,"href":"https:\/\/www.lacontemporaine.fr\/fr\/wp-json\/wp\/v2\/event_cat?post=2926"},{"taxonomy":"event_location","embeddable":true,"href":"https:\/\/www.lacontemporaine.fr\/fr\/wp-json\/wp\/v2\/event_location?post=2926"}],"curies":[{"name":"wp","href":"https:\/\/api.w.org\/{rel}","templated":true}]}}